{"id":1114,"date":"2024-02-25T18:12:42","date_gmt":"2024-02-25T18:12:42","guid":{"rendered":"https:\/\/dermo.ultbit.com\/?page_id=1114"},"modified":"2024-02-25T18:14:33","modified_gmt":"2024-02-25T18:14:33","slug":"aviso-legal","status":"publish","type":"page","link":"https:\/\/dermo.com\/pt\/aviso-legal\/","title":{"rendered":"Aviso legal"},"content":{"rendered":"<div data-elementor-type=\"wp-page\" data-elementor-id=\"1114\" class=\"elementor elementor-1114\" data-elementor-post-type=\"page\">\n\t\t\t\t\t\t<section class=\"elementor-section elementor-top-section elementor-element elementor-element-708626ce elementor-section-boxed elementor-section-height-default elementor-section-height-default\" data-id=\"708626ce\" data-element_type=\"section\" data-e-type=\"section\" data-settings=\"{&quot;background_background&quot;:&quot;classic&quot;}\">\n\t\t\t\t\t\t\t<div class=\"elementor-background-overlay\"><\/div>\n\t\t\t\t\t\t\t<div class=\"elementor-container elementor-column-gap-default\">\n\t\t\t\t\t<div class=\"elementor-column elementor-col-100 elementor-top-column elementor-element elementor-element-16cb5524\" data-id=\"16cb5524\" data-element_type=\"column\" data-e-type=\"column\">\n\t\t\t<div class=\"elementor-widget-wrap elementor-element-populated\">\n\t\t\t\t\t\t\t<\/div>\n\t\t<\/div>\n\t\t\t\t\t<\/div>\n\t\t<\/section>\n\t\t\t\t<section class=\"elementor-section elementor-top-section elementor-element elementor-element-233ad3a4 elementor-section-boxed elementor-section-height-default elementor-section-height-default\" data-id=\"233ad3a4\" data-element_type=\"section\" data-e-type=\"section\">\n\t\t\t\t\t\t<div class=\"elementor-container elementor-column-gap-default\">\n\t\t\t\t\t<div class=\"elementor-column elementor-col-100 elementor-top-column elementor-element elementor-element-3244e578\" data-id=\"3244e578\" data-element_type=\"column\" data-e-type=\"column\">\n\t\t\t<div class=\"elementor-widget-wrap elementor-element-populated\">\n\t\t\t\t\t\t<section class=\"elementor-section elementor-inner-section elementor-element elementor-element-1a7040c2 elementor-section-boxed elementor-section-height-default elementor-section-height-default\" data-id=\"1a7040c2\" data-element_type=\"section\" data-e-type=\"section\">\n\t\t\t\t\t\t<div class=\"elementor-container elementor-column-gap-default\">\n\t\t\t\t\t<div class=\"elementor-column elementor-col-100 elementor-inner-column elementor-element elementor-element-58338543\" data-id=\"58338543\" data-element_type=\"column\" data-e-type=\"column\">\n\t\t\t<div class=\"elementor-widget-wrap elementor-element-populated\">\n\t\t\t\t\t\t<div class=\"elementor-element elementor-element-464b2e11 elementor-widget elementor-widget-text-editor\" data-id=\"464b2e11\" data-element_type=\"widget\" data-e-type=\"widget\" data-widget_type=\"text-editor.default\">\n\t\t\t\t<div class=\"elementor-widget-container\">\n\t\t\t\t\t\t\t\t\t<p>De acordo com a Lei 34\/2002 de Servi\u00e7os da Sociedade da Informa\u00e7\u00e3o e Com\u00e9rcio Eletr\u00f4nico, informamos que este site \u00e9 propriedade da DERMO, SA, (doravante &quot;O TITULAR&quot;), com CIF: A58302969, com sede em C\/ Pintor Joan Mir\u00f3, 16 Poliny\u00e0 (Barcelona) 08213; Telefone 937 133 500<\/p><p>\u00a0<\/p><p class=\"titol text-bold text-uppercase\"><strong>PROPRIEDADE INTELECTUAL E INDUSTRIAL<\/strong><\/p><p>O conte\u00fado deste site, incluindo textos, imagens e designs gr\u00e1ficos, pertencem ao TITULAR ou a terceiros que autorizaram seu uso. O PROPRIET\u00c1RIO apresenta estes conte\u00fados para fins informativos e promocionais. O TITULAR autoriza sua utiliza\u00e7\u00e3o exclusivamente para estas finalidades. Qualquer utiliza\u00e7\u00e3o destes designs, imagens ou textos dever\u00e1 indicar expressamente que os mesmos pertencem ao TITULAR, que se reserva o direito de iniciar as a\u00e7\u00f5es legais correspondentes para reparar quaisquer danos causados por qualquer ato que viole os seus direitos de propriedade intelectual ou industrial.<\/p><p>\u00a0<\/p><p class=\"titol text-bold text-uppercase\"><strong>ISEN\u00c7\u00c3O DE RESPONSABILIDADE<\/strong><\/p><p>O TITULAR atua com a m\u00e1xima dilig\u00eancia para que os dados e informa\u00e7\u00f5es disponibilizados em seu site estejam sempre atualizados, embora n\u00e3o garanta nem se responsabilize pela exatid\u00e3o e atualiza\u00e7\u00e3o dos conte\u00fados do site, reservando-se o direito de modificar os mesmos a qualquer momento. O TITULAR n\u00e3o ser\u00e1 respons\u00e1vel por nenhuma informa\u00e7\u00e3o que possa ser obtida por meio de links inclu\u00eddos no site.<\/p><p>As rela\u00e7\u00f5es comerciais com os clientes ser\u00e3o regidas pelas Condi\u00e7\u00f5es Gerais que, no seu caso, forem estabelecidas pelo TITULAR em documento espec\u00edfico para o efeito, ou por acordos espec\u00edficos que venham a ser celebrados com os clientes.<\/p><p>\u00a0<\/p><p class=\"titol text-bold text-uppercase\"><strong>TERMOS DE USO<\/strong><\/p><p>A utiliza\u00e7\u00e3o deste site implica a aceita\u00e7\u00e3o integral dos termos deste aviso legal. Quaisquer potenciais conflitos relacionados com este site ser\u00e3o regidos exclusivamente pela legisla\u00e7\u00e3o do Estado Espanhol. Qualquer utilizador do site, independentemente da jurisdi\u00e7\u00e3o territorial a partir da qual efetue o acesso, aceita o cumprimento e o respeito das presentes cl\u00e1usulas, com ren\u00fancia expressa a qualquer outra jurisdi\u00e7\u00e3o que lhe possa corresponder.\u00a0<\/p>\t\t\t\t\t\t\t\t<\/div>\n\t\t\t\t<\/div>\n\t\t\t\t\t<\/div>\n\t\t<\/div>\n\t\t\t\t\t<\/div>\n\t\t<\/section>\n\t\t\t\t\t<\/div>\n\t\t<\/div>\n\t\t\t\t\t<\/div>\n\t\t<\/section>\n\t\t\t\t<\/div>","protected":false},"excerpt":{"rendered":"<p>Em conformidade com a Lei 34\/2002 de Servi\u00e7os da Sociedade da Informa\u00e7\u00e3o e Com\u00e9rcio Eletr\u00f4nico, informamos que este site \u00e9 propriedade da DERMO, SA (doravante &quot;O TITULAR&quot;), com CIF: A58302969, com sede social em C\/ Pintor Joan Mir\u00f3, 16 Poliny\u00e0 (Barcelona) 08213; n\u00famero de telefone: 937 133 500. PROPRIEDADE INTELECTUAL E INDUSTRIAL\u2026&nbsp;<a href=\"https:\/\/dermo.com\/pt\/aviso-legal\/\" rel=\"bookmark\">Ler mais \u00bb<span class=\"screen-reader-text\">Aviso legal<\/span><\/a><\/p>","protected":false},"author":1,"featured_media":0,"parent":0,"menu_order":0,"comment_status":"closed","ping_status":"closed","template":"page-templates\/template-pagebuilder-full-width.php","meta":{"neve_meta_sidebar":"","neve_meta_container":"","neve_meta_enable_content_width":"off","neve_meta_content_width":100,"neve_meta_title_alignment":"","neve_meta_author_avatar":"","neve_post_elements_order":"","neve_meta_disable_header":"","neve_meta_disable_footer":"","neve_meta_disable_title":"","footnotes":""},"class_list":["post-1114","page","type-page","status-publish","hentry"],"yoast_head":"<!-- This site is optimized with the Yoast SEO plugin v27.0 - https:\/\/yoast.com\/product\/yoast-seo-wordpress\/ -->\n<title>Aviso legal - Dermo | F\u00e1brica de detergentes<\/title>\n<meta name=\"robots\" content=\"index, follow, max-snippet:-1, max-image-preview:large, max-video-preview:-1\" \/>\n<link rel=\"canonical\" href=\"https:\/\/dermo.com\/pt\/aviso-legal\/\" \/>\n<meta property=\"og:locale\" content=\"pt_PT\" \/>\n<meta property=\"og:type\" content=\"article\" \/>\n<meta property=\"og:title\" content=\"Aviso legal - Dermo | F\u00e1brica de detergentes\" \/>\n<meta property=\"og:description\" content=\"De conformidad con la Ley 34\/2002, de Servicios de la Sociedad de la Informaci\u00f3n y de Comercio Electr\u00f3nico, le informamos que esta web es titularidad de DERMO, SA, (en adelante \u201cEL TITULAR\u201d), con CIF: A58302969, con domicilio en C\/ Pintor Joan Mir\u00f3, 16 Poliny\u00e0 (Barcelona) 08213; tel\u00e9fono 937 133 500 \u00a0 PROPIEDAD INTELECTUAL E INDUSTRIAL&hellip;&nbsp;Ler mais &raquo;Aviso legal\" \/>\n<meta property=\"og:url\" content=\"https:\/\/dermo.com\/pt\/aviso-legal\/\" \/>\n<meta property=\"og:site_name\" content=\"Dermo | F\u00e1brica de detergentes\" \/>\n<meta property=\"article:modified_time\" content=\"2024-02-25T18:14:33+00:00\" \/>\n<meta name=\"twitter:card\" content=\"summary_large_image\" \/>\n<meta name=\"twitter:label1\" content=\"Tempo estimado de leitura\" \/>\n\t<meta name=\"twitter:data1\" content=\"2 minutos\" \/>\n<script type=\"application\/ld+json\" class=\"yoast-schema-graph\">{\"@context\":\"https:\/\/schema.org\",\"@graph\":[{\"@type\":\"WebPage\",\"@id\":\"https:\/\/dermo.com\/aviso-legal\/\",\"url\":\"https:\/\/dermo.com\/aviso-legal\/\",\"name\":\"Aviso legal - Dermo | F\u00e1brica de detergentes\",\"isPartOf\":{\"@id\":\"https:\/\/dermo.com\/#website\"},\"datePublished\":\"2024-02-25T18:12:42+00:00\",\"dateModified\":\"2024-02-25T18:14:33+00:00\",\"breadcrumb\":{\"@id\":\"https:\/\/dermo.com\/aviso-legal\/#breadcrumb\"},\"inLanguage\":\"pt-PT\",\"potentialAction\":[{\"@type\":\"ReadAction\",\"target\":[\"https:\/\/dermo.com\/aviso-legal\/\"]}]},{\"@type\":\"BreadcrumbList\",\"@id\":\"https:\/\/dermo.com\/aviso-legal\/#breadcrumb\",\"itemListElement\":[{\"@type\":\"ListItem\",\"position\":1,\"name\":\"Portada\",\"item\":\"https:\/\/dermo.com\/\"},{\"@type\":\"ListItem\",\"position\":2,\"name\":\"Aviso legal\"}]},{\"@type\":\"WebSite\",\"@id\":\"https:\/\/dermo.com\/#website\",\"url\":\"https:\/\/dermo.com\/\",\"name\":\"Dermo | F\u00e1brica de detergentes\",\"description\":\"Tecnolog\u00eda avanzada, investigaci\u00f3n y desarrollo, respeto por el medio ambiente, competencia, formaci\u00f3n constante y alto nivel de profesionalidad en nuestro equipo humano, empe\u00f1ado en preservar la calidad de vida, la protecci\u00f3n del entorno natural contin\u00faan motiv\u00e1ndonos para desarrollar en nuestros laboratorios nuevos productos con ingredientes activos altamente biodegradables que hacen posible un desarrollo sostenible.\",\"potentialAction\":[{\"@type\":\"SearchAction\",\"target\":{\"@type\":\"EntryPoint\",\"urlTemplate\":\"https:\/\/dermo.com\/?s={search_term_string}\"},\"query-input\":{\"@type\":\"PropertyValueSpecification\",\"valueRequired\":true,\"valueName\":\"search_term_string\"}}],\"inLanguage\":\"pt-PT\"}]}<\/script>\n<!-- \/ Yoast SEO plugin. -->","yoast_head_json":{"title":"Aviso legal - Dermo | F\u00e1brica de detergentes","robots":{"index":"index","follow":"follow","max-snippet":"max-snippet:-1","max-image-preview":"max-image-preview:large","max-video-preview":"max-video-preview:-1"},"canonical":"https:\/\/dermo.com\/pt\/aviso-legal\/","og_locale":"pt_PT","og_type":"article","og_title":"Aviso legal - Dermo | F\u00e1brica de detergentes","og_description":"De conformidad con la Ley 34\/2002, de Servicios de la Sociedad de la Informaci\u00f3n y de Comercio Electr\u00f3nico, le informamos que esta web es titularidad de DERMO, SA, (en adelante \u201cEL TITULAR\u201d), con CIF: A58302969, con domicilio en C\/ Pintor Joan Mir\u00f3, 16 Poliny\u00e0 (Barcelona) 08213; tel\u00e9fono 937 133 500 \u00a0 PROPIEDAD INTELECTUAL E INDUSTRIAL&hellip;&nbsp;Ler mais &raquo;Aviso legal","og_url":"https:\/\/dermo.com\/pt\/aviso-legal\/","og_site_name":"Dermo | F\u00e1brica de detergentes","article_modified_time":"2024-02-25T18:14:33+00:00","twitter_card":"summary_large_image","twitter_misc":{"Tempo estimado de leitura":"2 minutos"},"schema":{"@context":"https:\/\/schema.org","@graph":[{"@type":"WebPage","@id":"https:\/\/dermo.com\/aviso-legal\/","url":"https:\/\/dermo.com\/aviso-legal\/","name":"Aviso legal - Dermo | F\u00e1brica de detergentes","isPartOf":{"@id":"https:\/\/dermo.com\/#website"},"datePublished":"2024-02-25T18:12:42+00:00","dateModified":"2024-02-25T18:14:33+00:00","breadcrumb":{"@id":"https:\/\/dermo.com\/aviso-legal\/#breadcrumb"},"inLanguage":"pt-PT","potentialAction":[{"@type":"ReadAction","target":["https:\/\/dermo.com\/aviso-legal\/"]}]},{"@type":"BreadcrumbList","@id":"https:\/\/dermo.com\/aviso-legal\/#breadcrumb","itemListElement":[{"@type":"ListItem","position":1,"name":"Portada","item":"https:\/\/dermo.com\/"},{"@type":"ListItem","position":2,"name":"Aviso legal"}]},{"@type":"WebSite","@id":"https:\/\/dermo.com\/#website","url":"https:\/\/dermo.com\/","name":"Dermo | f\u00e1brica de detergentes","description":"A tecnologia avan\u00e7ada, a investiga\u00e7\u00e3o e desenvolvimento, o respeito pelo ambiente, a compet\u00eancia, a forma\u00e7\u00e3o constante e o elevado n\u00edvel de profissionalismo da nossa equipa humana, comprometida com a preserva\u00e7\u00e3o da qualidade de vida, a protec\u00e7\u00e3o do ambiente natural continuam a motivar-nos a desenvolver novos produtos nos nossos laborat\u00f3rios com princ\u00edpios ativos altamente biodegrad\u00e1veis que possibilitam o desenvolvimento sustent\u00e1vel.","potentialAction":[{"@type":"SearchAction","target":{"@type":"EntryPoint","urlTemplate":"https:\/\/dermo.com\/?s={search_term_string}"},"query-input":{"@type":"PropertyValueSpecification","valueRequired":true,"valueName":"search_term_string"}}],"inLanguage":"pt-PT"}]}},"_links":{"self":[{"href":"https:\/\/dermo.com\/pt\/wp-json\/wp\/v2\/pages\/1114","targetHints":{"allow":["GET"]}}],"collection":[{"href":"https:\/\/dermo.com\/pt\/wp-json\/wp\/v2\/pages"}],"about":[{"href":"https:\/\/dermo.com\/pt\/wp-json\/wp\/v2\/types\/page"}],"author":[{"embeddable":true,"href":"https:\/\/dermo.com\/pt\/wp-json\/wp\/v2\/users\/1"}],"replies":[{"embeddable":true,"href":"https:\/\/dermo.com\/pt\/wp-json\/wp\/v2\/comments?post=1114"}],"version-history":[{"count":7,"href":"https:\/\/dermo.com\/pt\/wp-json\/wp\/v2\/pages\/1114\/revisions"}],"predecessor-version":[{"id":1121,"href":"https:\/\/dermo.com\/pt\/wp-json\/wp\/v2\/pages\/1114\/revisions\/1121"}],"wp:attachment":[{"href":"https:\/\/dermo.com\/pt\/wp-json\/wp\/v2\/media?parent=1114"}],"curies":[{"name":"wp","href":"https:\/\/api.w.org\/{rel}","templated":true}]}}