{"id":2824,"date":"2015-09-24T10:12:17","date_gmt":"2015-09-24T10:12:17","guid":{"rendered":"https:\/\/dermo.ultbit.com\/producto\/gelman-aloe-vera\/"},"modified":"2024-11-13T11:35:45","modified_gmt":"2024-11-13T10:35:45","slug":"gelman-aloe-vera","status":"publish","type":"product","link":"https:\/\/dermo.com\/pt\/catalogo\/gelman-aloe-vera\/","title":{"rendered":"Gel de Aloe Vera. gel de banho"},"content":{"rendered":"<p><strong>MODO DE EMPREGO:<\/strong><br \/>\nAplique uma pequena quantidade de gel em uma esponja ou diretamente na m\u00e3o. Espalhe o gel com um<br \/>\nmassagem suave na pele molhada. Enx\u00e1gue com bastante \u00e1gua.<\/p>\n<p><strong>CARACTER\u00cdSTICAS T\u00c9CNICAS<\/strong><br \/>\nAspecto: L\u00edquid viscoso.<br \/>\nCor: Verde.<br \/>\nCheiro: Perfume.<br \/>\npH puro: 5,5 \u2013 6<\/p>\n<p><strong>COMPOSI\u00c7\u00c3O<\/strong><br \/>\nIngredientes: AQUA, LAURETH SULFATE DE S\u00d3DIO, COCAMIDA DEA, CLORETO DE S\u00d3DIO, COCAMIDOPROPIL<br \/>\nBETA\u00cdNA, GLICERINA, EDTA TETRAS\u00d3DICO, \u00c1CIDO C\u00cdTRICO, PARFUM, HEXIL CINNAMAL, SALICILATO DE BENZILA,<br \/>\nLIMONENO, METILCLOROISOTIAZOLINONA, METILISOTIAZOLINONA, CI 19140, CI 420510.<\/p>\n<p><strong>PRESENTA\u00c7\u00c3O:<\/strong><br \/>\nJerrican pl\u00e1stico<\/p>\n<table>\n<tbody>\n<tr>\n<td>FORMATO<\/td>\n<td>\u00a0 \u00a0 \u00a0500ml<\/td>\n<td>\u00a0 \u00a0 \u00a0 \u00a0 5kg<\/td>\n<\/tr>\n<tr>\n<td>C\u00d3DIGO<\/td>\n<td>\u00a0 \u00a0006GAL00<\/td>\n<td>\u00a0 \u00a0 006GAL05<\/td>\n<\/tr>\n<\/tbody>\n<\/table>\n<p><strong>SEGURAN\u00c7A \/ TOXICOLOGIA<\/strong><br \/>\nEvite contato com os olhos. Em caso de contato, enxaguar imediatamente com \u00e1gua em abund\u00e2ncia. N\u00e3o<br \/>\ningerir. Mantenha fora do alcance das crian\u00e7as. Sempre feche bem a garrafa para evitar a entrada de \u00e1gua.<br \/>\nalterando as propriedades do produto. Em caso de acidente consulte o Servi\u00e7o de Informa\u00e7\u00e3o M\u00e9dica<br \/>\nToxicol\u00f3gico. Tel.: 915 620 420.<\/p>\n<p><strong>INFORMA\u00c7\u00d5ES ADICIONAIS<\/strong><br \/>\nPRODUTO COSM\u00c9TICO.<\/p>\n<p>&nbsp;<\/p>","protected":false},"excerpt":{"rendered":"<h3>Gel de Aloe Vera<\/h3>\n<p class=\"Estndar\">Gel de banho dermoprotector de pH neutro para o cuidado e aseo corporal. Permite um uso frequente se agrietar nem resecar a pele, ao mismo tempo que deixa nela un agrad\u00e1vel perfume de Aloe Vera. Especialmente adequado para a higiene pessoal em gimnasios, hot\u00e9is, guarder\u00edas, resid\u00eancias geri\u00e1tricas...<\/p>\n<table>\n<tbody>\n<tr>\n<td style=\"width: 100%;\">\n<div class=\"video-section\">\n<p class=\"Estndar\"><span lang=\"es\" xml:lang=\"es\"><strong>V\u00eddeos de aplica\u00e7\u00e3o de higiene pessoal:<\/strong><\/span><\/p>\n<details>\n<summary>V\u00eddeo de Aplica\u00e7\u00e3o \u2013 Espanhol<\/summary>\n<p><iframe src=\"https:\/\/www.youtube.com\/embed\/zdXAXc_mG2U?rel=0\"><\/iframe><\/p>\n<\/details>\n<details>\n<summary>V\u00eddeo de Aplica\u00e7\u00e3o \u2013 Ingl\u00eas<\/summary>\n<p><iframe src=\"https:\/\/www.youtube.com\/embed\/zkaNIiD1MYI?rel=0\"><\/iframe><\/p>\n<\/details>\n<details>\n<summary>V\u00eddeo de Aplica\u00e7\u00e3o \u2013 Franc\u00eas<\/summary>\n<p><iframe src=\"https:\/\/www.youtube.com\/embed\/u4TYu1n9HKc?rel=0\"><\/iframe><\/p>\n<\/details>\n<details>\n<summary>V\u00eddeo de Aplica\u00e7\u00e3o \u2013 Portugu\u00eas<\/summary>\n<p><iframe src=\"https:\/\/www.youtube.com\/embed\/q0mEvOE3_Rw?rel=0\"><\/iframe><\/p>\n<\/details>\n<details>\n<summary>V\u00eddeo da Aplica\u00e7\u00e3o \u2013 Ingl\u00eas (segundo)<\/summary>\n<p><iframe src=\"https:\/\/www.youtube.com\/embed\/gm5igHf0Iw4?rel=0\"><\/iframe><\/p>\n<\/details>\n<\/div>\n<\/td>\n<\/tr>\n<\/tbody>\n<\/table>","protected":false},"featured_media":2823,"template":"","meta":{"neve_meta_sidebar":"","neve_meta_container":"","neve_meta_enable_content_width":"off","neve_meta_content_width":100,"neve_meta_title_alignment":"","neve_meta_author_avatar":"","neve_post_elements_order":"","neve_meta_disable_header":"","neve_meta_disable_footer":"","neve_meta_disable_title":""},"product_brand":[],"product_cat":[384],"product_tag":[],"class_list":{"0":"post-2824","1":"product","2":"type-product","3":"status-publish","4":"has-post-thumbnail","6":"product_cat-higiene-personal","8":"first","9":"instock","10":"shipping-taxable","11":"product-type-simple"},"yoast_head":"<!-- This site is optimized with the Yoast SEO plugin v27.0 - https:\/\/yoast.com\/product\/yoast-seo-wordpress\/ -->\n<title>Gel Aloe Vera. Gel de ba\u00f1o - Dermo | F\u00e1brica de detergentes<\/title>\n<meta name=\"robots\" content=\"index, follow, max-snippet:-1, max-image-preview:large, max-video-preview:-1\" \/>\n<link rel=\"canonical\" href=\"https:\/\/dermo.com\/pt\/catalogo\/gelman-aloe-vera\/\" \/>\n<meta property=\"og:locale\" content=\"pt_PT\" \/>\n<meta property=\"og:type\" content=\"article\" \/>\n<meta property=\"og:title\" content=\"Gel Aloe Vera. Gel de ba\u00f1o - Dermo | F\u00e1brica de detergentes\" \/>\n<meta property=\"og:description\" content=\"Gel Aloe Vera Gel de ba\u00f1o dermoprotector de pH neutro para el cuidado y aseo corporal. Permite un uso frecuente sin agrietar ni resecar la piel, al mismo tiempo que deja en ella un agradable perfume de Aloe Vera. Especialmente adecuado para la higiene personal en gimnasios, hoteles, guarder\u00edas, residencias geri\u00e1tricas...       V\u00eddeos de Aplicaci\u00f3n Higiene personal:  V\u00eddeo de Aplicaci\u00f3n - Espa\u00f1ol  V\u00eddeo de Aplicaci\u00f3n - Ingl\u00e9s  V\u00eddeo de Aplicaci\u00f3n - Franc\u00e9s  V\u00eddeo de Aplicaci\u00f3n - Portugu\u00e9s  V\u00eddeo de Aplicaci\u00f3n - Ingl\u00e9s (segundo)\" \/>\n<meta property=\"og:url\" content=\"https:\/\/dermo.com\/pt\/catalogo\/gelman-aloe-vera\/\" \/>\n<meta property=\"og:site_name\" content=\"Dermo | F\u00e1brica de detergentes\" \/>\n<meta property=\"article:modified_time\" content=\"2024-11-13T10:35:45+00:00\" \/>\n<meta property=\"og:image\" content=\"https:\/\/dermo.com\/wp-content\/uploads\/2015\/09\/203-Gel-Aloe-Vera.-Gel-de-bano.jpg\" \/>\n\t<meta property=\"og:image:width\" content=\"800\" \/>\n\t<meta property=\"og:image:height\" content=\"720\" \/>\n\t<meta property=\"og:image:type\" content=\"image\/jpeg\" \/>\n<meta name=\"twitter:card\" content=\"summary_large_image\" \/>\n<meta name=\"twitter:label1\" content=\"Tempo estimado de leitura\" \/>\n\t<meta name=\"twitter:data1\" content=\"1 minuto\" \/>\n<script type=\"application\/ld+json\" class=\"yoast-schema-graph\">{\"@context\":\"https:\/\/schema.org\",\"@graph\":[{\"@type\":\"WebPage\",\"@id\":\"https:\/\/dermo.com\/catalogo\/gelman-aloe-vera\/\",\"url\":\"https:\/\/dermo.com\/catalogo\/gelman-aloe-vera\/\",\"name\":\"Gel Aloe Vera. Gel de ba\u00f1o - Dermo | F\u00e1brica de detergentes\",\"isPartOf\":{\"@id\":\"https:\/\/dermo.com\/#website\"},\"primaryImageOfPage\":{\"@id\":\"https:\/\/dermo.com\/catalogo\/gelman-aloe-vera\/#primaryimage\"},\"image\":{\"@id\":\"https:\/\/dermo.com\/catalogo\/gelman-aloe-vera\/#primaryimage\"},\"thumbnailUrl\":\"https:\/\/dermo.com\/wp-content\/uploads\/2015\/09\/203-Gel-Aloe-Vera.-Gel-de-bano.jpg\",\"datePublished\":\"2015-09-24T10:12:17+00:00\",\"dateModified\":\"2024-11-13T10:35:45+00:00\",\"breadcrumb\":{\"@id\":\"https:\/\/dermo.com\/catalogo\/gelman-aloe-vera\/#breadcrumb\"},\"inLanguage\":\"pt-PT\",\"potentialAction\":[{\"@type\":\"ReadAction\",\"target\":[\"https:\/\/dermo.com\/catalogo\/gelman-aloe-vera\/\"]}]},{\"@type\":\"ImageObject\",\"inLanguage\":\"pt-PT\",\"@id\":\"https:\/\/dermo.com\/catalogo\/gelman-aloe-vera\/#primaryimage\",\"url\":\"https:\/\/dermo.com\/wp-content\/uploads\/2015\/09\/203-Gel-Aloe-Vera.-Gel-de-bano.jpg\",\"contentUrl\":\"https:\/\/dermo.com\/wp-content\/uploads\/2015\/09\/203-Gel-Aloe-Vera.-Gel-de-bano.jpg\",\"width\":800,\"height\":720,\"caption\":\"Gel Aloe Vera. Gel de ba\u00f1o\"},{\"@type\":\"BreadcrumbList\",\"@id\":\"https:\/\/dermo.com\/catalogo\/gelman-aloe-vera\/#breadcrumb\",\"itemListElement\":[{\"@type\":\"ListItem\",\"position\":1,\"name\":\"Portada\",\"item\":\"https:\/\/dermo.com\/\"},{\"@type\":\"ListItem\",\"position\":2,\"name\":\"Tienda\",\"item\":\"https:\/\/dermo.com\/tienda\/\"},{\"@type\":\"ListItem\",\"position\":3,\"name\":\"Gel Aloe Vera. Gel de ba\u00f1o\"}]},{\"@type\":\"WebSite\",\"@id\":\"https:\/\/dermo.com\/#website\",\"url\":\"https:\/\/dermo.com\/\",\"name\":\"Dermo | F\u00e1brica de detergentes\",\"description\":\"Tecnolog\u00eda avanzada, investigaci\u00f3n y desarrollo, respeto por el medio ambiente, competencia, formaci\u00f3n constante y alto nivel de profesionalidad en nuestro equipo humano, empe\u00f1ado en preservar la calidad de vida, la protecci\u00f3n del entorno natural contin\u00faan motiv\u00e1ndonos para desarrollar en nuestros laboratorios nuevos productos con ingredientes activos altamente biodegradables que hacen posible un desarrollo sostenible.\",\"potentialAction\":[{\"@type\":\"SearchAction\",\"target\":{\"@type\":\"EntryPoint\",\"urlTemplate\":\"https:\/\/dermo.com\/?s={search_term_string}\"},\"query-input\":{\"@type\":\"PropertyValueSpecification\",\"valueRequired\":true,\"valueName\":\"search_term_string\"}}],\"inLanguage\":\"pt-PT\"}]}<\/script>\n<!-- \/ Yoast SEO plugin. -->","yoast_head_json":{"title":"Gel de Aloe Vera. Gel de banho - Dermo | f\u00e1brica de detergentes","robots":{"index":"index","follow":"follow","max-snippet":"max-snippet:-1","max-image-preview":"max-image-preview:large","max-video-preview":"max-video-preview:-1"},"canonical":"https:\/\/dermo.com\/pt\/catalogo\/gelman-aloe-vera\/","og_locale":"pt_PT","og_type":"article","og_title":"Gel Aloe Vera. Gel de ba\u00f1o - Dermo | F\u00e1brica de detergentes","og_description":"Gel Aloe Vera Gel de ba\u00f1o dermoprotector de pH neutro para el cuidado y aseo corporal. Permite un uso frecuente sin agrietar ni resecar la piel, al mismo tiempo que deja en ella un agradable perfume de Aloe Vera. Especialmente adecuado para la higiene personal en gimnasios, hoteles, guarder\u00edas, residencias geri\u00e1tricas...       V\u00eddeos de Aplicaci\u00f3n Higiene personal:  V\u00eddeo de Aplicaci\u00f3n - Espa\u00f1ol  V\u00eddeo de Aplicaci\u00f3n - Ingl\u00e9s  V\u00eddeo de Aplicaci\u00f3n - Franc\u00e9s  V\u00eddeo de Aplicaci\u00f3n - Portugu\u00e9s  V\u00eddeo de Aplicaci\u00f3n - Ingl\u00e9s (segundo)","og_url":"https:\/\/dermo.com\/pt\/catalogo\/gelman-aloe-vera\/","og_site_name":"Dermo | F\u00e1brica de detergentes","article_modified_time":"2024-11-13T10:35:45+00:00","og_image":[{"width":800,"height":720,"url":"https:\/\/dermo.com\/wp-content\/uploads\/2015\/09\/203-Gel-Aloe-Vera.-Gel-de-bano.jpg","type":"image\/jpeg"}],"twitter_card":"summary_large_image","twitter_misc":{"Tempo estimado de leitura":"1 minuto"},"schema":{"@context":"https:\/\/schema.org","@graph":[{"@type":"WebPage","@id":"https:\/\/dermo.com\/catalogo\/gelman-aloe-vera\/","url":"https:\/\/dermo.com\/catalogo\/gelman-aloe-vera\/","name":"Gel de Aloe Vera. Gel de banho - Dermo | f\u00e1brica de detergentes","isPartOf":{"@id":"https:\/\/dermo.com\/#website"},"primaryImageOfPage":{"@id":"https:\/\/dermo.com\/catalogo\/gelman-aloe-vera\/#primaryimage"},"image":{"@id":"https:\/\/dermo.com\/catalogo\/gelman-aloe-vera\/#primaryimage"},"thumbnailUrl":"https:\/\/dermo.com\/wp-content\/uploads\/2015\/09\/203-Gel-Aloe-Vera.-Gel-de-bano.jpg","datePublished":"2015-09-24T10:12:17+00:00","dateModified":"2024-11-13T10:35:45+00:00","breadcrumb":{"@id":"https:\/\/dermo.com\/catalogo\/gelman-aloe-vera\/#breadcrumb"},"inLanguage":"pt-PT","potentialAction":[{"@type":"ReadAction","target":["https:\/\/dermo.com\/catalogo\/gelman-aloe-vera\/"]}]},{"@type":"ImageObject","inLanguage":"pt-PT","@id":"https:\/\/dermo.com\/catalogo\/gelman-aloe-vera\/#primaryimage","url":"https:\/\/dermo.com\/wp-content\/uploads\/2015\/09\/203-Gel-Aloe-Vera.-Gel-de-bano.jpg","contentUrl":"https:\/\/dermo.com\/wp-content\/uploads\/2015\/09\/203-Gel-Aloe-Vera.-Gel-de-bano.jpg","width":800,"height":720,"caption":"Gel Aloe Vera. Gel de ba\u00f1o"},{"@type":"BreadcrumbList","@id":"https:\/\/dermo.com\/catalogo\/gelman-aloe-vera\/#breadcrumb","itemListElement":[{"@type":"ListItem","position":1,"name":"Portada","item":"https:\/\/dermo.com\/"},{"@type":"ListItem","position":2,"name":"Tienda","item":"https:\/\/dermo.com\/tienda\/"},{"@type":"ListItem","position":3,"name":"Gel Aloe Vera. Gel de ba\u00f1o"}]},{"@type":"WebSite","@id":"https:\/\/dermo.com\/#website","url":"https:\/\/dermo.com\/","name":"Dermo | f\u00e1brica de detergentes","description":"A tecnologia avan\u00e7ada, a investiga\u00e7\u00e3o e desenvolvimento, o respeito pelo ambiente, a compet\u00eancia, a forma\u00e7\u00e3o constante e o elevado n\u00edvel de profissionalismo da nossa equipa humana, comprometida com a preserva\u00e7\u00e3o da qualidade de vida, a protec\u00e7\u00e3o do ambiente natural continuam a motivar-nos a desenvolver novos produtos nos nossos laborat\u00f3rios com princ\u00edpios ativos altamente biodegrad\u00e1veis que possibilitam o desenvolvimento sustent\u00e1vel.","potentialAction":[{"@type":"SearchAction","target":{"@type":"EntryPoint","urlTemplate":"https:\/\/dermo.com\/?s={search_term_string}"},"query-input":{"@type":"PropertyValueSpecification","valueRequired":true,"valueName":"search_term_string"}}],"inLanguage":"pt-PT"}]}},"_links":{"self":[{"href":"https:\/\/dermo.com\/pt\/wp-json\/wp\/v2\/product\/2824","targetHints":{"allow":["GET"]}}],"collection":[{"href":"https:\/\/dermo.com\/pt\/wp-json\/wp\/v2\/product"}],"about":[{"href":"https:\/\/dermo.com\/pt\/wp-json\/wp\/v2\/types\/product"}],"wp:featuredmedia":[{"embeddable":true,"href":"https:\/\/dermo.com\/pt\/wp-json\/wp\/v2\/media\/2823"}],"wp:attachment":[{"href":"https:\/\/dermo.com\/pt\/wp-json\/wp\/v2\/media?parent=2824"}],"wp:term":[{"taxonomy":"product_brand","embeddable":true,"href":"https:\/\/dermo.com\/pt\/wp-json\/wp\/v2\/product_brand?post=2824"},{"taxonomy":"product_cat","embeddable":true,"href":"https:\/\/dermo.com\/pt\/wp-json\/wp\/v2\/product_cat?post=2824"},{"taxonomy":"product_tag","embeddable":true,"href":"https:\/\/dermo.com\/pt\/wp-json\/wp\/v2\/product_tag?post=2824"}],"curies":[{"name":"wp","href":"https:\/\/api.w.org\/{rel}","templated":true}]}}